{"version":"1.0","provider_name":"Externa","provider_url":"https:\/\/www.externacorporativo.com\/es\/","author_name":"Programacion","author_url":"https:\/\/www.externacorporativo.com\/es\/author\/programacion\/","title":"MALTA: Agrupaci\u00f3n del IVA - Externa","type":"rich","width":600,"height":338,"html":"<blockquote class=\"wp-embedded-content\" data-secret=\"9Q1nJvST3B\"><a href=\"https:\/\/www.externacorporativo.com\/es\/malta-agrupacion-del-iva-2\/\">MALTA: Agrupaci\u00f3n del IVA<\/a><\/blockquote><iframe sandbox=\"allow-scripts\" security=\"restricted\" src=\"https:\/\/www.externacorporativo.com\/es\/malta-agrupacion-del-iva-2\/embed\/#?secret=9Q1nJvST3B\" width=\"600\" height=\"338\" title=\"\u00abMALTA: Agrupaci\u00f3n del IVA\u00bb \u2014 Externa\" data-secret=\"9Q1nJvST3B\" frameborder=\"0\" marginwidth=\"0\" marginheight=\"0\" scrolling=\"no\" class=\"wp-embedded-content\"><\/iframe><script>\n\/*! This file is auto-generated *\/\n!function(c,d){\"use strict\";var e=!1,o=!1;if(d.querySelector)if(c.addEventListener)e=!0;if(c.wp=c.wp||{},c.wp.receiveEmbedMessage);else if(c.wp.receiveEmbedMessage=function(e){var t=e.data;if(!t);else if(!(t.secret||t.message||t.value));else if(\/[^a-zA-Z0-9]\/.test(t.secret));else{for(var r,s,a,i=d.querySelectorAll('iframe[data-secret=\"'+t.secret+'\"]'),n=d.querySelectorAll('blockquote[data-secret=\"'+t.secret+'\"]'),o=new RegExp(\"^https?:$\",\"i\"),l=0;l<n.length;l++)n[l].style.display=\"none\";for(l=0;l<i.length;l++)if(r=i[l],e.source!==r.contentWindow);else{if(r.removeAttribute(\"style\"),\"height\"===t.message){if(1e3<(s=parseInt(t.value,10)))s=1e3;else if(~~s<200)s=200;r.height=s}if(\"link\"===t.message)if(s=d.createElement(\"a\"),a=d.createElement(\"a\"),s.href=r.getAttribute(\"src\"),a.href=t.value,!o.test(a.protocol));else if(a.host===s.host)if(d.activeElement===r)c.top.location.href=t.value}}},e)c.addEventListener(\"message\",c.wp.receiveEmbedMessage,!1),d.addEventListener(\"DOMContentLoaded\",t,!1),c.addEventListener(\"load\",t,!1);function t(){if(o);else{o=!0;for(var e,t,r,s=-1!==navigator.appVersion.indexOf(\"MSIE 10\"),a=!!navigator.userAgent.match(\/Trident.*rv:11\\.\/),i=d.querySelectorAll(\"iframe.wp-embedded-content\"),n=0;n<i.length;n++){if(!(r=(t=i[n]).getAttribute(\"data-secret\")))r=Math.random().toString(36).substr(2,10),t.src+=\"#?secret=\"+r,t.setAttribute(\"data-secret\",r);if(s||a)(e=t.cloneNode(!0)).removeAttribute(\"security\"),t.parentNode.replaceChild(e,t);t.contentWindow.postMessage({message:\"ready\",secret:r},\"*\")}}}}(window,document);\n<\/script>\n","description":"El 22 de mayo de 2018, se public\u00f3 un aviso legal de modificaci\u00f3n del IVA que entr\u00f3 en el 1 de junio, permitiendo la agrupaci\u00f3n del IVA. Esta figura, es una herramienta disponible en varios Estados miembros, que se utiliza principalmente para evitar la acumulaci\u00f3n de IVA irrecuperable entre los miembros del Grupo IVA. En [&hellip;]"}