{"id":2974,"date":"2023-06-07T14:20:46","date_gmt":"2023-06-07T14:20:46","guid":{"rendered":"https:\/\/www.externacorporativo.com\/?page_id=2974"},"modified":"2023-06-07T14:56:12","modified_gmt":"2023-06-07T14:56:12","slug":"declaracion-de-accesibilidad","status":"publish","type":"page","link":"https:\/\/www.externacorporativo.com\/es\/declaracion-de-accesibilidad\/","title":{"rendered":"Declaraci\u00f3n de accesibilidad"},"content":{"rendered":"\t\t<div data-elementor-type=\"wp-page\" data-elementor-id=\"2974\" class=\"elementor elementor-2974\">\n\t\t\t\t\t\t\t\t\t<section class=\"elementor-section elementor-top-section elementor-element elementor-element-a1aed4b elementor-section-boxed elementor-section-height-default elementor-section-height-default\" data-id=\"a1aed4b\" data-element_type=\"section\">\n\t\t\t\t\t\t<div class=\"elementor-container elementor-column-gap-default\">\n\t\t\t\t\t<div class=\"elementor-column elementor-col-100 elementor-top-column elementor-element elementor-element-606e1ef\" data-id=\"606e1ef\" data-element_type=\"column\">\n\t\t\t<div class=\"elementor-widget-wrap elementor-element-populated\">\n\t\t\t\t\t\t\t\t<div class=\"elementor-element elementor-element-7be03b7 elementor-widget elementor-widget-text-editor\" data-id=\"7be03b7\" data-element_type=\"widget\" data-widget_type=\"text-editor.default\">\n\t\t\t\t<div class=\"elementor-widget-container\">\n\t\t\t<style>\/*! elementor - v3.12.2 - 23-04-2023 *\/\n.elementor-widget-text-editor.elementor-drop-cap-view-stacked .elementor-drop-cap{background-color:#69727d;color:#fff}.elementor-widget-text-editor.elementor-drop-cap-view-framed .elementor-drop-cap{color:#69727d;border:3px solid;background-color:transparent}.elementor-widget-text-editor:not(.elementor-drop-cap-view-default) .elementor-drop-cap{margin-top:8px}.elementor-widget-text-editor:not(.elementor-drop-cap-view-default) .elementor-drop-cap-letter{width:1em;height:1em}.elementor-widget-text-editor .elementor-drop-cap{float:left;text-align:center;line-height:1;font-size:50px}.elementor-widget-text-editor .elementor-drop-cap-letter{display:inline-block}<\/style>\t\t\t\t<div><div style=\"padding: 0px; margin: 0px; color: #636363; font-family: Inter, sans-serif;\">La empresa <strong>EXTERNA CORPORATIVO S.L<\/strong>\u00a0se ha comprometido a hacer accesible su sitio web de conformidad con el Real Decreto 1112\/2018, de 7 de septiembre, sobre accesibilidad de los sitios web y aplicaciones para dispositivos m\u00f3viles del sector p\u00fablico, o desarrollos financiados desde Europa.<\/div><div style=\"padding: 0px; margin: 0px; color: #636363; font-family: Inter, sans-serif;\">\u00a0<\/div><div style=\"padding: 0px; margin: 0px; color: #636363; font-family: Inter, sans-serif;\">La presente declaraci\u00f3n de accesibilidad se aplica al sitio web https:\/\/www.externacorporativo.es excluyendo los contenidos incrustados provenientes de otros dominios.<\/div><\/div>\t\t\t\t\t\t<\/div>\n\t\t\t\t<\/div>\n\t\t\t\t<div class=\"elementor-element elementor-element-0d2bcba elementor-widget elementor-widget-heading\" data-id=\"0d2bcba\" data-element_type=\"widget\" data-widget_type=\"heading.default\">\n\t\t\t\t<div class=\"elementor-widget-container\">\n\t\t\t<style>\/*! elementor - v3.12.2 - 23-04-2023 *\/\n.elementor-heading-title{padding:0;margin:0;line-height:1}.elementor-widget-heading .elementor-heading-title[class*=elementor-size-]>a{color:inherit;font-size:inherit;line-height:inherit}.elementor-widget-heading .elementor-heading-title.elementor-size-small{font-size:15px}.elementor-widget-heading .elementor-heading-title.elementor-size-medium{font-size:19px}.elementor-widget-heading .elementor-heading-title.elementor-size-large{font-size:29px}.elementor-widget-heading .elementor-heading-title.elementor-size-xl{font-size:39px}.elementor-widget-heading .elementor-heading-title.elementor-size-xxl{font-size:59px}<\/style><h2 class=\"elementor-heading-title elementor-size-default\">Situaci\u00f3n de cumplimiento<\/h2>\t\t<\/div>\n\t\t\t\t<\/div>\n\t\t\t\t<div class=\"elementor-element elementor-element-3804277 elementor-widget elementor-widget-text-editor\" data-id=\"3804277\" data-element_type=\"widget\" data-widget_type=\"text-editor.default\">\n\t\t\t\t<div class=\"elementor-widget-container\">\n\t\t\t\t\t\t\t<div>Este sitio web es Parcialmente conforme con el RD 1112\/2018 debido a la falta de conformidad de los aspectos que se indican a continuaci\u00f3n.<\/div><div>\u00a0<\/div><div>Contenido no accesible<\/div><div>El contenido que se recoge a continuaci\u00f3n no es accesible por los siguientes motivos:<\/div><div>\u00a0\u2013 Falta de conformidad:<\/div><div>\u00a0 \u2013 Puede existir elementos de la p\u00e1gina que no sean operables mediante teclado \u2013 Requisito n\u00famero 9.2.1.1 Teclado de UNE-EN 301549:2020<\/div><div>\u00a0 \u2013 Podr\u00edan existir fallos puntuales de edici\u00f3n en alguna p\u00e1gina web.<\/div><div>\u00a0\u2013 Carga desproporcionada: No resulta aplicable.<\/div><div>\u00a0\u2013 El contenido no entra dentro del \u00e1mbito de la legislaci\u00f3n aplicable.<\/div><div>\u00a0<\/div><div>Podr\u00edan existir archivos ofim\u00e1ticos en PDF u otros formatos publicados antes del 20 de septiembre de 2018 que no cumplan en su totalidad todos los requisitos de accesibilidad.<\/div><div>\u00a0<\/div><div>Puede haber contenidos de terceros que no est\u00e9n desarrollados en esta Unidad, ni bajo su control, como archivos ofim\u00e1ticos de diferentes organismos que deban publicarse en este sitio.<\/div>\t\t\t\t\t\t<\/div>\n\t\t\t\t<\/div>\n\t\t\t\t<div class=\"elementor-element elementor-element-d009ee6 elementor-widget elementor-widget-heading\" data-id=\"d009ee6\" data-element_type=\"widget\" data-widget_type=\"heading.default\">\n\t\t\t\t<div class=\"elementor-widget-container\">\n\t\t\t<h2 class=\"elementor-heading-title elementor-size-default\">Observaciones y datos de contacto<\/h2>\t\t<\/div>\n\t\t\t\t<\/div>\n\t\t\t\t<div class=\"elementor-element elementor-element-0818832 elementor-widget elementor-widget-text-editor\" data-id=\"0818832\" data-element_type=\"widget\" data-widget_type=\"text-editor.default\">\n\t\t\t\t<div class=\"elementor-widget-container\">\n\t\t\t\t\t\t\t<div>Puede realizar comunicaciones sobre requisitos de accesibilidad [art\u00edculo 10.2.a) del RD 1112\/2018] como, por ejemplo:<\/div><div>\u00a0<\/div><div>\u00a0 \u2013 Informar sobre cualquier posible incumplimiento por parte de este sitio web.<\/div><div>\u00a0 \u2013 Transmitir otras dificultades de acceso al contenido.<\/div><div>\u00a0 \u2013 Formular cualquier otra consulta o sugerencia de mejora relativa a la accesibilidad del sitio web a trav\u00e9s del formulario de contacto o por tel\u00e9fono.<\/div><div>\u00a0<\/div><div>Puede presentar:<\/div><div>\u00a0<\/div><div>\u00a0\u2013 Una queja relativa al cumplimiento de los requisitos del RD 1112\/2018<\/div><div>\u00a0\u2013 Una solicitud de informaci\u00f3n accesible relativa a:<\/div><div>\u00a0 \u2013 Contenidos que est\u00e1n excluidos del \u00e1mbito de aplicaci\u00f3n del RD 1112\/2018 seg\u00fan lo establecido por el art\u00edculo 3, apartado 4.<\/div><div>\u00a0 \u2013 Contenidos que est\u00e1n exentos del cumplimiento de los requisitos de accesibilidad por imponer una carga desproporcionada.<\/div><div>\u00a0<\/div><div>En la solicitud de informaci\u00f3n accesible, se debe concretar, con toda claridad, los hechos, razones y petici\u00f3n que permitan constatar que se trata de una solicitud razonable y leg\u00edtima.<\/div>\t\t\t\t\t\t<\/div>\n\t\t\t\t<\/div>\n\t\t\t\t\t<\/div>\n\t\t<\/div>\n\t\t\t\t\t\t\t<\/div>\n\t\t<\/section>\n\t\t\t\t\t\t\t<\/div>\n\t\t","protected":false},"excerpt":{"rendered":"<p>La empresa EXTERNA CORPORATIVO S.L\u00a0se ha comprometido a hacer accesible su sitio web de conformidad con el Real Decreto 1112\/2018, de 7 de septiembre, sobre accesibilidad de los sitios web y aplicaciones para dispositivos m\u00f3viles del sector p\u00fablico, o desarrollos financiados desde Europa.\u00a0La presente declaraci\u00f3n de accesibilidad se aplica al sitio web https:\/\/www.externacorporativo.es excluyendo los [&hellip;]<\/p>\n","protected":false},"author":2,"featured_media":0,"parent":0,"menu_order":0,"comment_status":"closed","ping_status":"closed","template":"","meta":[],"yoast_head":"<!-- This site is optimized with the Yoast SEO plugin v20.0 - https:\/\/yoast.com\/wordpress\/plugins\/seo\/ -->\n<title>Declaraci\u00f3n de accesibilidad - Externa<\/title>\n<meta name=\"robots\" content=\"index, follow, max-snippet:-1, max-image-preview:large, max-video-preview:-1\" \/>\n<link rel=\"canonical\" href=\"https:\/\/www.externacorporativo.com\/es\/declaracion-de-accesibilidad\/\" \/>\n<meta property=\"og:locale\" content=\"es_ES\" \/>\n<meta property=\"og:type\" content=\"article\" \/>\n<meta property=\"og:title\" content=\"Declaraci\u00f3n de accesibilidad - Externa\" \/>\n<meta property=\"og:description\" content=\"La empresa EXTERNA CORPORATIVO S.L\u00a0se ha comprometido a hacer accesible su sitio web de conformidad con el Real Decreto 1112\/2018, de 7 de septiembre, sobre accesibilidad de los sitios web y aplicaciones para dispositivos m\u00f3viles del sector p\u00fablico, o desarrollos financiados desde Europa.\u00a0La presente declaraci\u00f3n de accesibilidad se aplica al sitio web https:\/\/www.externacorporativo.es excluyendo los [&hellip;]\" \/>\n<meta property=\"og:url\" content=\"https:\/\/www.externacorporativo.com\/es\/declaracion-de-accesibilidad\/\" \/>\n<meta property=\"og:site_name\" content=\"Externa\" \/>\n<meta property=\"article:modified_time\" content=\"2023-06-07T14:56:12+00:00\" \/>\n<meta name=\"twitter:card\" content=\"summary_large_image\" \/>\n<meta name=\"twitter:label1\" content=\"Tiempo de lectura\" \/>\n\t<meta name=\"twitter:data1\" content=\"2 minutos\" \/>\n<script type=\"application\/ld+json\" class=\"yoast-schema-graph\">{\"@context\":\"https:\/\/schema.org\",\"@graph\":[{\"@type\":\"WebPage\",\"@id\":\"https:\/\/www.externacorporativo.com\/es\/declaracion-de-accesibilidad\/\",\"url\":\"https:\/\/www.externacorporativo.com\/es\/declaracion-de-accesibilidad\/\",\"name\":\"Declaraci\u00f3n de accesibilidad - Externa\",\"isPartOf\":{\"@id\":\"https:\/\/www.externacorporativo.com\/es\/#website\"},\"datePublished\":\"2023-06-07T14:20:46+00:00\",\"dateModified\":\"2023-06-07T14:56:12+00:00\",\"breadcrumb\":{\"@id\":\"https:\/\/www.externacorporativo.com\/es\/declaracion-de-accesibilidad\/#breadcrumb\"},\"inLanguage\":\"es\",\"potentialAction\":[{\"@type\":\"ReadAction\",\"target\":[\"https:\/\/www.externacorporativo.com\/es\/declaracion-de-accesibilidad\/\"]}]},{\"@type\":\"BreadcrumbList\",\"@id\":\"https:\/\/www.externacorporativo.com\/es\/declaracion-de-accesibilidad\/#breadcrumb\",\"itemListElement\":[{\"@type\":\"ListItem\",\"position\":1,\"name\":\"Portada\",\"item\":\"https:\/\/www.externacorporativo.com\/es\/\"},{\"@type\":\"ListItem\",\"position\":2,\"name\":\"Declaraci\u00f3n de accesibilidad\"}]},{\"@type\":\"WebSite\",\"@id\":\"https:\/\/www.externacorporativo.com\/es\/#website\",\"url\":\"https:\/\/www.externacorporativo.com\/es\/\",\"name\":\"Externa\",\"description\":\"\",\"publisher\":{\"@id\":\"https:\/\/www.externacorporativo.com\/es\/#organization\"},\"potentialAction\":[{\"@type\":\"SearchAction\",\"target\":{\"@type\":\"EntryPoint\",\"urlTemplate\":\"https:\/\/www.externacorporativo.com\/es\/?s={search_term_string}\"},\"query-input\":\"required name=search_term_string\"}],\"inLanguage\":\"es\"},{\"@type\":\"Organization\",\"@id\":\"https:\/\/www.externacorporativo.com\/es\/#organization\",\"name\":\"Externa\",\"url\":\"https:\/\/www.externacorporativo.com\/es\/\",\"logo\":{\"@type\":\"ImageObject\",\"inLanguage\":\"es\",\"@id\":\"https:\/\/www.externacorporativo.com\/es\/#\/schema\/logo\/image\/\",\"url\":\"https:\/\/www.externacorporativo.com\/wp-content\/uploads\/2023\/04\/Sin-nombre.png\",\"contentUrl\":\"https:\/\/www.externacorporativo.com\/wp-content\/uploads\/2023\/04\/Sin-nombre.png\",\"width\":297,\"height\":109,\"caption\":\"Externa\"},\"image\":{\"@id\":\"https:\/\/www.externacorporativo.com\/es\/#\/schema\/logo\/image\/\"}}]}<\/script>\n<!-- \/ Yoast SEO plugin. -->","yoast_head_json":{"title":"Declaraci\u00f3n de accesibilidad - Externa","robots":{"index":"index","follow":"follow","max-snippet":"max-snippet:-1","max-image-preview":"max-image-preview:large","max-video-preview":"max-video-preview:-1"},"canonical":"https:\/\/www.externacorporativo.com\/es\/declaracion-de-accesibilidad\/","og_locale":"es_ES","og_type":"article","og_title":"Declaraci\u00f3n de accesibilidad - Externa","og_description":"La empresa EXTERNA CORPORATIVO S.L\u00a0se ha comprometido a hacer accesible su sitio web de conformidad con el Real Decreto 1112\/2018, de 7 de septiembre, sobre accesibilidad de los sitios web y aplicaciones para dispositivos m\u00f3viles del sector p\u00fablico, o desarrollos financiados desde Europa.\u00a0La presente declaraci\u00f3n de accesibilidad se aplica al sitio web https:\/\/www.externacorporativo.es excluyendo los [&hellip;]","og_url":"https:\/\/www.externacorporativo.com\/es\/declaracion-de-accesibilidad\/","og_site_name":"Externa","article_modified_time":"2023-06-07T14:56:12+00:00","twitter_card":"summary_large_image","twitter_misc":{"Tiempo de lectura":"2 minutos"},"schema":{"@context":"https:\/\/schema.org","@graph":[{"@type":"WebPage","@id":"https:\/\/www.externacorporativo.com\/es\/declaracion-de-accesibilidad\/","url":"https:\/\/www.externacorporativo.com\/es\/declaracion-de-accesibilidad\/","name":"Declaraci\u00f3n de accesibilidad - Externa","isPartOf":{"@id":"https:\/\/www.externacorporativo.com\/es\/#website"},"datePublished":"2023-06-07T14:20:46+00:00","dateModified":"2023-06-07T14:56:12+00:00","breadcrumb":{"@id":"https:\/\/www.externacorporativo.com\/es\/declaracion-de-accesibilidad\/#breadcrumb"},"inLanguage":"es","potentialAction":[{"@type":"ReadAction","target":["https:\/\/www.externacorporativo.com\/es\/declaracion-de-accesibilidad\/"]}]},{"@type":"BreadcrumbList","@id":"https:\/\/www.externacorporativo.com\/es\/declaracion-de-accesibilidad\/#breadcrumb","itemListElement":[{"@type":"ListItem","position":1,"name":"Portada","item":"https:\/\/www.externacorporativo.com\/es\/"},{"@type":"ListItem","position":2,"name":"Declaraci\u00f3n de accesibilidad"}]},{"@type":"WebSite","@id":"https:\/\/www.externacorporativo.com\/es\/#website","url":"https:\/\/www.externacorporativo.com\/es\/","name":"Externa","description":"","publisher":{"@id":"https:\/\/www.externacorporativo.com\/es\/#organization"},"potentialAction":[{"@type":"SearchAction","target":{"@type":"EntryPoint","urlTemplate":"https:\/\/www.externacorporativo.com\/es\/?s={search_term_string}"},"query-input":"required name=search_term_string"}],"inLanguage":"es"},{"@type":"Organization","@id":"https:\/\/www.externacorporativo.com\/es\/#organization","name":"Externa","url":"https:\/\/www.externacorporativo.com\/es\/","logo":{"@type":"ImageObject","inLanguage":"es","@id":"https:\/\/www.externacorporativo.com\/es\/#\/schema\/logo\/image\/","url":"https:\/\/www.externacorporativo.com\/wp-content\/uploads\/2023\/04\/Sin-nombre.png","contentUrl":"https:\/\/www.externacorporativo.com\/wp-content\/uploads\/2023\/04\/Sin-nombre.png","width":297,"height":109,"caption":"Externa"},"image":{"@id":"https:\/\/www.externacorporativo.com\/es\/#\/schema\/logo\/image\/"}}]}},"_links":{"self":[{"href":"https:\/\/www.externacorporativo.com\/es\/wp-json\/wp\/v2\/pages\/2974"}],"collection":[{"href":"https:\/\/www.externacorporativo.com\/es\/wp-json\/wp\/v2\/pages"}],"about":[{"href":"https:\/\/www.externacorporativo.com\/es\/wp-json\/wp\/v2\/types\/page"}],"author":[{"embeddable":true,"href":"https:\/\/www.externacorporativo.com\/es\/wp-json\/wp\/v2\/users\/2"}],"replies":[{"embeddable":true,"href":"https:\/\/www.externacorporativo.com\/es\/wp-json\/wp\/v2\/comments?post=2974"}],"version-history":[{"count":4,"href":"https:\/\/www.externacorporativo.com\/es\/wp-json\/wp\/v2\/pages\/2974\/revisions"}],"predecessor-version":[{"id":2979,"href":"https:\/\/www.externacorporativo.com\/es\/wp-json\/wp\/v2\/pages\/2974\/revisions\/2979"}],"wp:attachment":[{"href":"https:\/\/www.externacorporativo.com\/es\/wp-json\/wp\/v2\/media?parent=2974"}],"curies":[{"name":"wp","href":"https:\/\/api.w.org\/{rel}","templated":true}]}}