{"id":659,"date":"2023-05-30T08:17:49","date_gmt":"2023-05-30T08:17:49","guid":{"rendered":"https:\/\/www.externacorporativo.com\/?page_id=659"},"modified":"2023-06-07T14:16:16","modified_gmt":"2023-06-07T14:16:16","slug":"aviso-legal","status":"publish","type":"page","link":"https:\/\/www.externacorporativo.com\/es\/aviso-legal\/","title":{"rendered":"Aviso legal"},"content":{"rendered":"\t\t<div data-elementor-type=\"wp-page\" data-elementor-id=\"659\" class=\"elementor elementor-659\">\n\t\t\t\t\t\t\t\t\t<section class=\"elementor-section elementor-top-section elementor-element elementor-element-bd4379e elementor-section-boxed elementor-section-height-default elementor-section-height-default\" data-id=\"bd4379e\" data-element_type=\"section\">\n\t\t\t\t\t\t<div class=\"elementor-container elementor-column-gap-default\">\n\t\t\t\t\t<div class=\"elementor-column elementor-col-100 elementor-top-column elementor-element elementor-element-2345509\" data-id=\"2345509\" data-element_type=\"column\">\n\t\t\t<div class=\"elementor-widget-wrap elementor-element-populated\">\n\t\t\t\t\t\t\t\t<div class=\"elementor-element elementor-element-9914757 elementor-widget elementor-widget-text-editor\" data-id=\"9914757\" data-element_type=\"widget\" data-widget_type=\"text-editor.default\">\n\t\t\t\t<div class=\"elementor-widget-container\">\n\t\t\t<style>\/*! elementor - v3.12.2 - 23-04-2023 *\/\n.elementor-widget-text-editor.elementor-drop-cap-view-stacked .elementor-drop-cap{background-color:#69727d;color:#fff}.elementor-widget-text-editor.elementor-drop-cap-view-framed .elementor-drop-cap{color:#69727d;border:3px solid;background-color:transparent}.elementor-widget-text-editor:not(.elementor-drop-cap-view-default) .elementor-drop-cap{margin-top:8px}.elementor-widget-text-editor:not(.elementor-drop-cap-view-default) .elementor-drop-cap-letter{width:1em;height:1em}.elementor-widget-text-editor .elementor-drop-cap{float:left;text-align:center;line-height:1;font-size:50px}.elementor-widget-text-editor .elementor-drop-cap-letter{display:inline-block}<\/style>\t\t\t\t<p>La utilizaci\u00f3n del sitio web implica la aceptaci\u00f3n plena y sin reservas de todas y cada una de las disposiciones incluidas en este Aviso Legal. En consecuencia, el usuario del sitio web debe leer atentamente el presente Aviso Legal en cada una de las ocasiones en que se proponga utilizar la web, ya que el texto podr\u00eda sufrir modificaciones a criterio del titular de la web, o a causa de un cambio legislativo, jurisprudencial o en la pr\u00e1ctica empresarial.<\/p>\n<p align=\"JUSTIFY\"><span lang=\"es-ES\">El presente sitio web facilita a los usuarios del mismo el acceso a informaci\u00f3n y servicios prestados por EXTERNA CORPORATIVO SL, a aquellas personas u organizaciones interesadas en los mismos<\/span>.<\/p>\t\t\t\t\t\t<\/div>\n\t\t\t\t<\/div>\n\t\t\t\t<div class=\"elementor-element elementor-element-0269565 elementor-widget elementor-widget-heading\" data-id=\"0269565\" data-element_type=\"widget\" data-widget_type=\"heading.default\">\n\t\t\t\t<div class=\"elementor-widget-container\">\n\t\t\t<style>\/*! elementor - v3.12.2 - 23-04-2023 *\/\n.elementor-heading-title{padding:0;margin:0;line-height:1}.elementor-widget-heading .elementor-heading-title[class*=elementor-size-]>a{color:inherit;font-size:inherit;line-height:inherit}.elementor-widget-heading .elementor-heading-title.elementor-size-small{font-size:15px}.elementor-widget-heading .elementor-heading-title.elementor-size-medium{font-size:19px}.elementor-widget-heading .elementor-heading-title.elementor-size-large{font-size:29px}.elementor-widget-heading .elementor-heading-title.elementor-size-xl{font-size:39px}.elementor-widget-heading .elementor-heading-title.elementor-size-xxl{font-size:59px}<\/style><h2 class=\"elementor-heading-title elementor-size-default\">TITULARIDAD DEL SITIO<\/h2>\t\t<\/div>\n\t\t\t\t<\/div>\n\t\t\t\t<div class=\"elementor-element elementor-element-fad26a6 elementor-widget elementor-widget-text-editor\" data-id=\"fad26a6\" data-element_type=\"widget\" data-widget_type=\"text-editor.default\">\n\t\t\t\t<div class=\"elementor-widget-container\">\n\t\t\t\t\t\t\t<p>De conformidad con lo establecido en la legislaci\u00f3n en materia de comercio electr\u00f3nico, ponemos a su disposici\u00f3n la siguiente informaci\u00f3n relativa al presente sitio web:<\/p><p>Titular del sitio web: EXTERNA CORPORATIVO SL<br \/>N\u00famero de identificaci\u00f3n fiscal: B70321393<br \/>Domicilio y datos de inscripci\u00f3n: C\/ Payo G\u00f3mez 16-4\u00ba A 15004 A Coru\u00f1a, inscrita en el Registro Mercantil de A Coru\u00f1a<br \/>Direcci\u00f3n de correo electr\u00f3nico: info@externacorporativo.com<\/p><p align=\"JUSTIFY\"><span lang=\"es-ES\">El presente Aviso Legal contiene las Condiciones Generales que regulan el uso (o mero acceso) de la p\u00e1gina web de EXTERNA CORPORATIVO SL incluidos los contenidos y servicios puestos a disposici\u00f3n en ella.<\/span><\/p><p align=\"JUSTIFY\"><span lang=\"es-ES\">En todo caso EXTERNA CORPORATIVO SL se reserva el derecho a actualizar, modificar o eliminar, en cualquier momento, y sin previo aviso, la presentaci\u00f3n y configuraci\u00f3n del sitio web y la informaci\u00f3n y\/o contenidos que en ella se incorporen, as\u00ed como las presentes Condiciones Generales de utilizaci\u00f3n de la misma.<\/span><\/p>\t\t\t\t\t\t<\/div>\n\t\t\t\t<\/div>\n\t\t\t\t<div class=\"elementor-element elementor-element-41f3927 elementor-widget elementor-widget-heading\" data-id=\"41f3927\" data-element_type=\"widget\" data-widget_type=\"heading.default\">\n\t\t\t\t<div class=\"elementor-widget-container\">\n\t\t\t<h2 class=\"elementor-heading-title elementor-size-default\">OBJETO\n<\/h2>\t\t<\/div>\n\t\t\t\t<\/div>\n\t\t\t\t<div class=\"elementor-element elementor-element-3592db2 elementor-widget elementor-widget-text-editor\" data-id=\"3592db2\" data-element_type=\"widget\" data-widget_type=\"text-editor.default\">\n\t\t\t\t<div class=\"elementor-widget-container\">\n\t\t\t\t\t\t\t<p align=\"JUSTIFY\"><span lang=\"es-ES\">El presente sitio web facilita a los usuarios del mismo el acceso a informaci\u00f3n y servicios prestados por EXTERNA CORPORATIVO SL a aquellas personas u organizaciones interesadas en los mismos.<\/span><\/p><p>CONDICIONES GENERALES DE UTILIZACION<\/p><p align=\"JUSTIFY\"><span lang=\"es-ES\">El uso del presente sitio web, tendr\u00e1 car\u00e1cter gratuito, sin perjuicio del coste de conexi\u00f3n a trav\u00e9s de la correspondiente red de telecomunicaciones, necesario para que el usuario tenga el acceso.<\/span><\/p><p align=\"JUSTIFY\"><span lang=\"es-ES\">El usuario es consciente y acepta expresamente que el uso del presente sitio web se realiza bajo su \u00fanica y exclusiva responsabilidad, comprometi\u00e9ndose a no llevar a cabo ninguna conducta que pudiera da\u00f1ar la imagen, los intereses y los derechos de EXTERNA CORPORATIVO SL, o de terceros, o que pudiera da\u00f1ar o inutilizar el presente sitio web o, de alguna forma, impedir o restringir su normal utilizaci\u00f3n.<\/span><\/p><p align=\"JUSTIFY\"><span lang=\"es-ES\">Toda persona que acceda al presente sitio web reconoce haber le\u00eddo y acepta someterse a las Condiciones Generales vigentes en cada momento en que acceda al sitio.<\/span><\/p>\t\t\t\t\t\t<\/div>\n\t\t\t\t<\/div>\n\t\t\t\t<div class=\"elementor-element elementor-element-199449b elementor-widget elementor-widget-heading\" data-id=\"199449b\" data-element_type=\"widget\" data-widget_type=\"heading.default\">\n\t\t\t\t<div class=\"elementor-widget-container\">\n\t\t\t<h2 class=\"elementor-heading-title elementor-size-default\">POL\u00cdTICA DE PRIVACIDAD\n<\/h2>\t\t<\/div>\n\t\t\t\t<\/div>\n\t\t\t\t<div class=\"elementor-element elementor-element-78f49aa elementor-widget elementor-widget-text-editor\" data-id=\"78f49aa\" data-element_type=\"widget\" data-widget_type=\"text-editor.default\">\n\t\t\t\t<div class=\"elementor-widget-container\">\n\t\t\t\t\t\t\t<p><span lang=\"es-ES\">A trav\u00e9s de este sitio web no se recaban datos de car\u00e1cter personal de los usuarios sin su consentimiento, ni se ceden a tercero.<\/span><\/p><p align=\"JUSTIFY\"><span lang=\"es-ES\">En cumplimiento de lo dispuesto en la vigente normativa de Protecci\u00f3n de Datos de Car\u00e1cter Personal, se informa al usuario que todos los datos que nos proporcione directamente a trav\u00e9s de los recursos disponibles en la web, ser\u00e1n tratados de forma confidencial y quedar\u00e1n incorporados a un fichero titularidad de EXTERNA CORPORATIVO SL, con la finalidad de gestionar los servicios ofrecidos, atender a las solicitudes que nos plantee, as\u00ed como remitir informaci\u00f3n t\u00e9cnica, comercial o publicitaria, sobre los servicios ofrecidos por EXTERNA CORPORATIVO SL, por v\u00eda ordinaria o electr\u00f3nica, no siendo utilizados para finalidades incompatibles con \u00e9stas.<\/span><\/p><p align=\"JUSTIFY\"><span lang=\"es-ES\">EXTERNA CORPORATIVO SL, presume que los datos han sido introducidos por su titular o por persona autorizada por \u00e9ste, as\u00ed como que son correctos y exactos. El usuario que facilite informaci\u00f3n de car\u00e1cter personal se responsabiliza de la veracidad de los datos facilitados.<\/span><\/p><p align=\"JUSTIFY\"><span lang=\"es-ES\">Dichos datos ser\u00e1n tratados adoptando los niveles de seguridad adecuados conforme a la legislaci\u00f3n vigente en materia de protecci\u00f3n de datos personales, EXTERNA CORPORATIVO SL, ha establecido todos los medios t\u00e9cnicos a su alcance para evitar la p\u00e9rdida, mal uso, alteraci\u00f3n, acceso no autorizado y robo de los datos que facilite, en cumplimiento de su obligaci\u00f3n de secreto y confidencialidad, sin perjuicio de que las medidas de seguridad en Internet no sean inexpugnables<\/span><span lang=\"es-ES\">.<\/span><\/p><p align=\"JUSTIFY\"><span lang=\"es-ES\">EXTERNA CORPORATIVO SL, como responsable del fichero, se compromete a respetar la confidencialidad de su informaci\u00f3n de car\u00e1cter personal y a garantizar el ejercicio de sus derechos de acceso, rectificaci\u00f3n, cancelaci\u00f3n y oposici\u00f3n por medio de escrito dirigido a la direcci\u00f3n: C\/ Payo G\u00f3mez 16- 4\u00ba A o por correo electr\u00f3nico a la direcci\u00f3n\u00a0<\/span><a href=\"mailto:info@externacorporativo.com\"><span lang=\"es-ES\"><u><b>info@externacorporativo.com<\/b><\/u><\/span><\/a><span lang=\"es-ES\">\u00a0en ambos casos adjuntando copia del documento acreditativo de su identidad (DNI o pasaporte).<\/span><\/p><p align=\"JUSTIFY\"><span lang=\"es-ES\">De acuerdo con la Ley de Comercio Electr\u00f3nico, el usuario podr\u00e1 excluir la posibilidad de recibir futuros correos electr\u00f3nicos comerciales d\u00e1ndose de baja en la direcci\u00f3n\u00a0<\/span><a href=\"mailto:info@externacorporativo.com\"><span lang=\"es-ES\"><u><b>info@externacorporativo.com<\/b><\/u><\/span><\/a><\/p><p align=\"JUSTIFY\"><span lang=\"es-ES\">Para m\u00e1s informaci\u00f3n lea con atenci\u00f3n la informaci\u00f3n adicional de protecci\u00f3n de datos, previamente a facilitar cualquier dato personal.<\/span><\/p><p align=\"JUSTIFY\"><span lang=\"es-ES\">EXTERNA CORPORATIVO SL, se reserva la facultad de modificar la presente Pol\u00edtica de Privacidad para adaptarla a las novedades legislativas, jurisprudenciales o de interpretaci\u00f3n de la Agencia Espa\u00f1ola de Protecci\u00f3n de Datos. En este caso, anunciar\u00e1 dichos cambios, indicando claramente y con la debida antelaci\u00f3n las modificaciones efectuadas, y solicitando, en caso de que sea necesario, su aceptaci\u00f3n de dichos cambios.<\/span><\/p>\t\t\t\t\t\t<\/div>\n\t\t\t\t<\/div>\n\t\t\t\t<div class=\"elementor-element elementor-element-6360608 elementor-widget elementor-widget-heading\" data-id=\"6360608\" data-element_type=\"widget\" data-widget_type=\"heading.default\">\n\t\t\t\t<div class=\"elementor-widget-container\">\n\t\t\t<h2 class=\"elementor-heading-title elementor-size-default\">RESPONSABILIDADES<\/h2>\t\t<\/div>\n\t\t\t\t<\/div>\n\t\t\t\t<div class=\"elementor-element elementor-element-c17ddf5 elementor-widget elementor-widget-text-editor\" data-id=\"c17ddf5\" data-element_type=\"widget\" data-widget_type=\"text-editor.default\">\n\t\t\t\t<div class=\"elementor-widget-container\">\n\t\t\t\t\t\t\t<p align=\"JUSTIFY\"><span lang=\"es-ES\">EXTERNA CORPORATIVO SL, como titular del sitio web no ser\u00e1, en ning\u00fan caso, responsable de la veracidad, integridad o actualizaci\u00f3n de las informaciones que no sean de elaboraci\u00f3n propia y de las que se indique otra fuente, as\u00ed como tampoco de las contenidas en otros sitios web, a los cuales se pueda acceder mediante enlace desde este sitio web.<\/span><\/p><p align=\"JUSTIFY\"><span lang=\"es-ES\">EXTERNA CORPORATIVO SL, en todo caso se reserva el derecho a eliminar comentarios y\/o restringir la utilizaci\u00f3n del mismo, sin previo aviso, a cualquier usuario que vulnere la legalidad vigente.<\/span><\/p><p align=\"JUSTIFY\"><span lang=\"es-ES\">Asimismo, EXTERNA CORPORATIVO SL no es responsable de cualquier da\u00f1o o p\u00e9rdida resultante de un ataque de denegaci\u00f3n de servicio, virus o cualquier otro programa o material tecnol\u00f3gicamente perjudicial o da\u00f1ino que pueda afectar a su ordenador, equipo inform\u00e1tico, datos o materiales como consecuencia del uso de nuestra p\u00e1gina web o de la descarga de contenidos de la misma.<\/span><\/p>\t\t\t\t\t\t<\/div>\n\t\t\t\t<\/div>\n\t\t\t\t<div class=\"elementor-element elementor-element-991cc07 elementor-widget elementor-widget-heading\" data-id=\"991cc07\" data-element_type=\"widget\" data-widget_type=\"heading.default\">\n\t\t\t\t<div class=\"elementor-widget-container\">\n\t\t\t<h2 class=\"elementor-heading-title elementor-size-default\">PROPIEDAD INTELECTUAL E INDUSTRIAL<\/h2>\t\t<\/div>\n\t\t\t\t<\/div>\n\t\t\t\t<div class=\"elementor-element elementor-element-78312cb elementor-widget elementor-widget-text-editor\" data-id=\"78312cb\" data-element_type=\"widget\" data-widget_type=\"text-editor.default\">\n\t\t\t\t<div class=\"elementor-widget-container\">\n\t\t\t\t\t\t\t<p align=\"JUSTIFY\"><span lang=\"es-ES\">Los derechos de propiedad intelectual o industrial, seg\u00fan sea el caso, sobre todos los contenidos, informaciones, textos, gr\u00e1ficos, im\u00e1genes marcas, logotipos, dise\u00f1o, software, c\u00f3digos fuente, bases de datos, programas de ordenador, marcas, etc., as\u00ed como cualquier otro que pudiese estar incorporado a este sitio web, son de titularidad de EXTERNA CORPORATIVO SL o, en otro caso, est\u00e1n siendo utilizados por esta entidad con la correspondiente autorizaci\u00f3n o cesi\u00f3n de derechos de sus respectivos titulares.<\/span><\/p><p align=\"JUSTIFY\"><span lang=\"es-ES\">Toda la informaci\u00f3n que se reciba en la web, como comentarios, sugerencias o ideas, se considerar\u00e1 cedida a EXTERNA CORPORATIVO SL de manera gratuita.<\/span><\/p><p align=\"JUSTIFY\"><span lang=\"es-ES\">Mediante estas Condiciones Generales no se cede ning\u00fan derecho de propiedad intelectual o industrial sobre el presente sitio web ni sobre ninguno de sus elementos integrantes o contenidos, quedando expresamente prohibidos al usuario la reproducci\u00f3n, transformaci\u00f3n, distribuci\u00f3n, comunicaci\u00f3n p\u00fablica, puesta a disposici\u00f3n, extracci\u00f3n, reenv\u00edo o la utilizaci\u00f3n de cualquier naturaleza, por cualquier medio o procedimiento, del citado sitio web o de cualquiera de sus contenidos o elementos integrantes, salvo en los casos en que se autorice expresamente por el titular de los derechos o est\u00e9 legalmente permitido.<\/span><\/p><p align=\"JUSTIFY\"><span lang=\"es-ES\">Adem\u00e1s de los referidos derechos de propiedad intelectual e industrial, la realizaci\u00f3n de las conductas anteriormente descritas puede, igualmente, suponer, una infracci\u00f3n de la normativa de protecci\u00f3n de datos, de protecci\u00f3n del derecho a la intimidad, al honor y a la propia imagen, o de cualquier otra norma que resulte de aplicaci\u00f3n.<\/span><\/p><p align=\"JUSTIFY\"><span lang=\"es-ES\">Igualmente, se informa a los usuarios de este sitio web que la infracci\u00f3n de alguno de los derechos anteriormente mencionados permite al titular de los mismos el ejercicio de todas las acciones legales pertinentes que procedan, en la defensa de sus leg\u00edtimos intereses.<\/span><\/p>\t\t\t\t\t\t<\/div>\n\t\t\t\t<\/div>\n\t\t\t\t<div class=\"elementor-element elementor-element-b72497d elementor-widget elementor-widget-heading\" data-id=\"b72497d\" data-element_type=\"widget\" data-widget_type=\"heading.default\">\n\t\t\t\t<div class=\"elementor-widget-container\">\n\t\t\t<h2 class=\"elementor-heading-title elementor-size-default\">LEY APLICABLE Y JURISDICCI\u00d3N<\/h2>\t\t<\/div>\n\t\t\t\t<\/div>\n\t\t\t\t<div class=\"elementor-element elementor-element-b8e767d elementor-widget elementor-widget-text-editor\" data-id=\"b8e767d\" data-element_type=\"widget\" data-widget_type=\"text-editor.default\">\n\t\t\t\t<div class=\"elementor-widget-container\">\n\t\t\t\t\t\t\t<p align=\"JUSTIFY\"><span lang=\"es-ES\">EXTERNA CORPORATIVO SL y el usuario acuerdan expresamente que, todas las cuestiones que pudieran derivarse del acceso y\/o uso de su p\u00e1gina web se entender\u00e1n reguladas e interpretadas de conformidad con la legislaci\u00f3n espa\u00f1ola.<\/span><\/p><p>\u00a0<\/p><p align=\"JUSTIFY\"><span lang=\"es-ES\">Para cualquier litigio que pudiera surgir relacionado con el sitio web o la actividad que en \u00e9l se desarrolla ser\u00e1n competentes los Juzgados y Tribunales de A Coru\u00f1a, renunciando expresamente el usuario y EXTERNA CORPORATIVO SL a cualquier otro fuero que pudiera corresponderles.<\/span><\/p>\t\t\t\t\t\t<\/div>\n\t\t\t\t<\/div>\n\t\t\t\t<div class=\"elementor-element elementor-element-e16f73d elementor-widget elementor-widget-heading\" data-id=\"e16f73d\" data-element_type=\"widget\" data-widget_type=\"heading.default\">\n\t\t\t\t<div class=\"elementor-widget-container\">\n\t\t\t<h2 class=\"elementor-heading-title elementor-size-default\">POLITICA DE COOKIES<\/h2>\t\t<\/div>\n\t\t\t\t<\/div>\n\t\t\t\t<div class=\"elementor-element elementor-element-bfc2204 elementor-widget elementor-widget-text-editor\" data-id=\"bfc2204\" data-element_type=\"widget\" data-widget_type=\"text-editor.default\">\n\t\t\t\t<div class=\"elementor-widget-container\">\n\t\t\t\t\t\t\t<p align=\"JUSTIFY\"><span lang=\"es-ES\">Con la finalidad de ofrecerle el mejor servicio y con el objeto de facilitar el uso, se analizan el n\u00famero de p\u00e1ginas visitadas, el n\u00famero de visitas, as\u00ed como la actividad de los visitantes y su frecuencia de utilizaci\u00f3n. A estos efectos EXTERNA CORPORATIVO SL, por su propia cuenta o la de un tercero contratado para prestaci\u00f3n de servicios de medici\u00f3n, pueden utilizar cookies cuando el usuario navega por el sitio web. Las cookies son ficheros enviados al navegador por medio de un servicio web con la finalidad de registrar las actividades del usuario durante su tiempo de navegaci\u00f3n.<\/span><\/p><p align=\"JUSTIFY\"><span lang=\"es-ES\">Las cookies utilizadas se asocian \u00fanicamente con un usuario an\u00f3nimo y su ordenador, y no proporcionan por s\u00ed mismas los datos personales del usuario.<\/span><\/p><p align=\"JUSTIFY\"><span lang=\"es-ES\">Mediante el uso de las cookies resulta posible que el servidor donde se encuentra la web reconozca el navegador web utilizado por el usuario con la finalidad de que la navegaci\u00f3n sea m\u00e1s sencilla. Se utilizan tambi\u00e9n para medir la audiencia y par\u00e1metros del tr\u00e1fico, controlar el proceso y n\u00famero de entradas.<\/span><\/p><p align=\"JUSTIFY\"><span lang=\"es-ES\">El usuario tiene la posibilidad de configurar su navegador para ser avisado de la recepci\u00f3n de cookies y para impedir su instalaci\u00f3n en su equipo. Por favor consulte las instrucciones y manuales de su navegador para ampliar esta informaci\u00f3n.<\/span><\/p><p align=\"JUSTIFY\"><span lang=\"es-ES\">Para utilizar el sitio web no es necesario que el usuario permita la instalaci\u00f3n de las cookies enviadas al sitio web, o el tercero que act\u00fae en su nombre, sin perjuicio de que sea necesario que el usuario inicie una sesi\u00f3n tal en cada uno de los servicios cuya prestaci\u00f3n requiera el previo registro.<\/span><\/p><p align=\"JUSTIFY\"><span lang=\"es-ES\">En todo caso las cookies tienen un car\u00e1cter temporal con la \u00fanica finalidad de hacer m\u00e1s eficaz su transmisi\u00f3n ulterior. En ning\u00fan caso se utilizar\u00e1 cookies para recoger informaci\u00f3n de car\u00e1cter personal.<\/span><\/p>\t\t\t\t\t\t<\/div>\n\t\t\t\t<\/div>\n\t\t\t\t\t<\/div>\n\t\t<\/div>\n\t\t\t\t\t\t\t<\/div>\n\t\t<\/section>\n\t\t\t\t\t\t\t<\/div>\n\t\t","protected":false},"excerpt":{"rendered":"<p>La utilizaci\u00f3n del sitio web implica la aceptaci\u00f3n plena y sin reservas de todas y cada una de las disposiciones incluidas en este Aviso Legal. En consecuencia, el usuario del sitio web debe leer atentamente el presente Aviso Legal en cada una de las ocasiones en que se proponga utilizar la web, ya que el [&hellip;]<\/p>\n","protected":false},"author":2,"featured_media":0,"parent":0,"menu_order":0,"comment_status":"closed","ping_status":"closed","template":"","meta":[],"yoast_head":"<!-- This site is optimized with the Yoast SEO plugin v20.0 - https:\/\/yoast.com\/wordpress\/plugins\/seo\/ -->\n<title>Aviso legal - Externa<\/title>\n<meta name=\"robots\" content=\"index, follow, max-snippet:-1, max-image-preview:large, max-video-preview:-1\" \/>\n<link rel=\"canonical\" href=\"https:\/\/www.externacorporativo.com\/es\/aviso-legal\/\" \/>\n<meta property=\"og:locale\" content=\"es_ES\" \/>\n<meta property=\"og:type\" content=\"article\" \/>\n<meta property=\"og:title\" content=\"Aviso legal - Externa\" \/>\n<meta property=\"og:description\" content=\"La utilizaci\u00f3n del sitio web implica la aceptaci\u00f3n plena y sin reservas de todas y cada una de las disposiciones incluidas en este Aviso Legal. En consecuencia, el usuario del sitio web debe leer atentamente el presente Aviso Legal en cada una de las ocasiones en que se proponga utilizar la web, ya que el [&hellip;]\" \/>\n<meta property=\"og:url\" content=\"https:\/\/www.externacorporativo.com\/es\/aviso-legal\/\" \/>\n<meta property=\"og:site_name\" content=\"Externa\" \/>\n<meta property=\"article:modified_time\" content=\"2023-06-07T14:16:16+00:00\" \/>\n<meta name=\"twitter:card\" content=\"summary_large_image\" \/>\n<meta name=\"twitter:label1\" content=\"Tiempo de lectura\" \/>\n\t<meta name=\"twitter:data1\" content=\"9 minutos\" \/>\n<script type=\"application\/ld+json\" class=\"yoast-schema-graph\">{\"@context\":\"https:\/\/schema.org\",\"@graph\":[{\"@type\":\"WebPage\",\"@id\":\"https:\/\/www.externacorporativo.com\/es\/aviso-legal\/\",\"url\":\"https:\/\/www.externacorporativo.com\/es\/aviso-legal\/\",\"name\":\"Aviso legal - Externa\",\"isPartOf\":{\"@id\":\"https:\/\/www.externacorporativo.com\/es\/#website\"},\"datePublished\":\"2023-05-30T08:17:49+00:00\",\"dateModified\":\"2023-06-07T14:16:16+00:00\",\"breadcrumb\":{\"@id\":\"https:\/\/www.externacorporativo.com\/es\/aviso-legal\/#breadcrumb\"},\"inLanguage\":\"es\",\"potentialAction\":[{\"@type\":\"ReadAction\",\"target\":[\"https:\/\/www.externacorporativo.com\/es\/aviso-legal\/\"]}]},{\"@type\":\"BreadcrumbList\",\"@id\":\"https:\/\/www.externacorporativo.com\/es\/aviso-legal\/#breadcrumb\",\"itemListElement\":[{\"@type\":\"ListItem\",\"position\":1,\"name\":\"Portada\",\"item\":\"https:\/\/www.externacorporativo.com\/es\/\"},{\"@type\":\"ListItem\",\"position\":2,\"name\":\"Aviso legal\"}]},{\"@type\":\"WebSite\",\"@id\":\"https:\/\/www.externacorporativo.com\/es\/#website\",\"url\":\"https:\/\/www.externacorporativo.com\/es\/\",\"name\":\"Externa\",\"description\":\"\",\"publisher\":{\"@id\":\"https:\/\/www.externacorporativo.com\/es\/#organization\"},\"potentialAction\":[{\"@type\":\"SearchAction\",\"target\":{\"@type\":\"EntryPoint\",\"urlTemplate\":\"https:\/\/www.externacorporativo.com\/es\/?s={search_term_string}\"},\"query-input\":\"required name=search_term_string\"}],\"inLanguage\":\"es\"},{\"@type\":\"Organization\",\"@id\":\"https:\/\/www.externacorporativo.com\/es\/#organization\",\"name\":\"Externa\",\"url\":\"https:\/\/www.externacorporativo.com\/es\/\",\"logo\":{\"@type\":\"ImageObject\",\"inLanguage\":\"es\",\"@id\":\"https:\/\/www.externacorporativo.com\/es\/#\/schema\/logo\/image\/\",\"url\":\"https:\/\/www.externacorporativo.com\/wp-content\/uploads\/2023\/04\/Sin-nombre.png\",\"contentUrl\":\"https:\/\/www.externacorporativo.com\/wp-content\/uploads\/2023\/04\/Sin-nombre.png\",\"width\":297,\"height\":109,\"caption\":\"Externa\"},\"image\":{\"@id\":\"https:\/\/www.externacorporativo.com\/es\/#\/schema\/logo\/image\/\"}}]}<\/script>\n<!-- \/ Yoast SEO plugin. -->","yoast_head_json":{"title":"Aviso legal - Externa","robots":{"index":"index","follow":"follow","max-snippet":"max-snippet:-1","max-image-preview":"max-image-preview:large","max-video-preview":"max-video-preview:-1"},"canonical":"https:\/\/www.externacorporativo.com\/es\/aviso-legal\/","og_locale":"es_ES","og_type":"article","og_title":"Aviso legal - Externa","og_description":"La utilizaci\u00f3n del sitio web implica la aceptaci\u00f3n plena y sin reservas de todas y cada una de las disposiciones incluidas en este Aviso Legal. En consecuencia, el usuario del sitio web debe leer atentamente el presente Aviso Legal en cada una de las ocasiones en que se proponga utilizar la web, ya que el [&hellip;]","og_url":"https:\/\/www.externacorporativo.com\/es\/aviso-legal\/","og_site_name":"Externa","article_modified_time":"2023-06-07T14:16:16+00:00","twitter_card":"summary_large_image","twitter_misc":{"Tiempo de lectura":"9 minutos"},"schema":{"@context":"https:\/\/schema.org","@graph":[{"@type":"WebPage","@id":"https:\/\/www.externacorporativo.com\/es\/aviso-legal\/","url":"https:\/\/www.externacorporativo.com\/es\/aviso-legal\/","name":"Aviso legal - Externa","isPartOf":{"@id":"https:\/\/www.externacorporativo.com\/es\/#website"},"datePublished":"2023-05-30T08:17:49+00:00","dateModified":"2023-06-07T14:16:16+00:00","breadcrumb":{"@id":"https:\/\/www.externacorporativo.com\/es\/aviso-legal\/#breadcrumb"},"inLanguage":"es","potentialAction":[{"@type":"ReadAction","target":["https:\/\/www.externacorporativo.com\/es\/aviso-legal\/"]}]},{"@type":"BreadcrumbList","@id":"https:\/\/www.externacorporativo.com\/es\/aviso-legal\/#breadcrumb","itemListElement":[{"@type":"ListItem","position":1,"name":"Portada","item":"https:\/\/www.externacorporativo.com\/es\/"},{"@type":"ListItem","position":2,"name":"Aviso legal"}]},{"@type":"WebSite","@id":"https:\/\/www.externacorporativo.com\/es\/#website","url":"https:\/\/www.externacorporativo.com\/es\/","name":"Externa","description":"","publisher":{"@id":"https:\/\/www.externacorporativo.com\/es\/#organization"},"potentialAction":[{"@type":"SearchAction","target":{"@type":"EntryPoint","urlTemplate":"https:\/\/www.externacorporativo.com\/es\/?s={search_term_string}"},"query-input":"required name=search_term_string"}],"inLanguage":"es"},{"@type":"Organization","@id":"https:\/\/www.externacorporativo.com\/es\/#organization","name":"Externa","url":"https:\/\/www.externacorporativo.com\/es\/","logo":{"@type":"ImageObject","inLanguage":"es","@id":"https:\/\/www.externacorporativo.com\/es\/#\/schema\/logo\/image\/","url":"https:\/\/www.externacorporativo.com\/wp-content\/uploads\/2023\/04\/Sin-nombre.png","contentUrl":"https:\/\/www.externacorporativo.com\/wp-content\/uploads\/2023\/04\/Sin-nombre.png","width":297,"height":109,"caption":"Externa"},"image":{"@id":"https:\/\/www.externacorporativo.com\/es\/#\/schema\/logo\/image\/"}}]}},"_links":{"self":[{"href":"https:\/\/www.externacorporativo.com\/es\/wp-json\/wp\/v2\/pages\/659"}],"collection":[{"href":"https:\/\/www.externacorporativo.com\/es\/wp-json\/wp\/v2\/pages"}],"about":[{"href":"https:\/\/www.externacorporativo.com\/es\/wp-json\/wp\/v2\/types\/page"}],"author":[{"embeddable":true,"href":"https:\/\/www.externacorporativo.com\/es\/wp-json\/wp\/v2\/users\/2"}],"replies":[{"embeddable":true,"href":"https:\/\/www.externacorporativo.com\/es\/wp-json\/wp\/v2\/comments?post=659"}],"version-history":[{"count":7,"href":"https:\/\/www.externacorporativo.com\/es\/wp-json\/wp\/v2\/pages\/659\/revisions"}],"predecessor-version":[{"id":2973,"href":"https:\/\/www.externacorporativo.com\/es\/wp-json\/wp\/v2\/pages\/659\/revisions\/2973"}],"wp:attachment":[{"href":"https:\/\/www.externacorporativo.com\/es\/wp-json\/wp\/v2\/media?parent=659"}],"curies":[{"name":"wp","href":"https:\/\/api.w.org\/{rel}","templated":true}]}}